{"id":2441,"date":"2020-12-13T11:11:58","date_gmt":"2020-12-13T10:11:58","guid":{"rendered":"http:\/\/homepage.df7er.de\/?page_id=2441"},"modified":"2022-03-25T13:05:29","modified_gmt":"2022-03-25T12:05:29","slug":"bergen-celle-wmo-10238","status":"publish","type":"page","link":"http:\/\/www.df7er.de\/en\/bergen-celle-wmo-10238\/","title":{"rendered":"Bergen \/ Celle WMO 10238"},"content":{"rendered":"<hr class=\"wp-block-separator\"\/>\n\n\n\n<p><strong><mark style=\"background-color:rgba(0, 0, 0, 0)\" class=\"has-inline-color has-luminous-vivid-orange-color\">Wettersonde Vaisala RS41-SGP<br>Fundort Hankensb\u00fcttel<\/mark><\/strong><\/p>\n\n\n\n<div class=\"wp-block-image\"><figure class=\"alignright size-large is-resized\"><a href=\"http:\/\/www.df7er.de\/wp-content\/uploads\/2022\/03\/T1230819-scaled.jpg\"><img loading=\"lazy\" decoding=\"async\" src=\"http:\/\/www.df7er.de\/wp-content\/uploads\/2022\/03\/T1230819-1024x478.jpg\" alt=\"\" class=\"wp-image-4016\" width=\"512\" height=\"239\" srcset=\"http:\/\/www.df7er.de\/wp-content\/uploads\/2022\/03\/T1230819-1024x478.jpg 1024w, http:\/\/www.df7er.de\/wp-content\/uploads\/2022\/03\/T1230819-300x140.jpg 300w, http:\/\/www.df7er.de\/wp-content\/uploads\/2022\/03\/T1230819-768x359.jpg 768w, http:\/\/www.df7er.de\/wp-content\/uploads\/2022\/03\/T1230819-1536x717.jpg 1536w, http:\/\/www.df7er.de\/wp-content\/uploads\/2022\/03\/T1230819-2048x956.jpg 2048w, http:\/\/www.df7er.de\/wp-content\/uploads\/2022\/03\/T1230819-18x8.jpg 18w, http:\/\/www.df7er.de\/wp-content\/uploads\/2022\/03\/T1230819-210x98.jpg 210w, http:\/\/www.df7er.de\/wp-content\/uploads\/2022\/03\/T1230819-1960x915.jpg 1960w\" sizes=\"auto, (max-width: 512px) 100vw, 512px\" \/><\/a><\/figure><\/div>\n\n\n\n<p>Vaisala RS41-SGP Wettersonde nach der Landung im Norden von Hankensb\u00fcttel<br>N52.7398 E10.6000 JO52HR auf einen Acker.<br><br>Frequenz der Sonde 405.700 Mhz &nbsp;<br><br><br>Getrackt hat die Sonde <strong><a rel=\"noreferrer noopener\" href=\"https:\/\/www.wettersonde.net\" data-type=\"URL\" data-id=\"https:\/\/www.wettersonde.net\" target=\"_blank\">wettersonde.net<\/a><\/strong><\/p>\n\n\n\n<div style=\"height:10px\" aria-hidden=\"true\" class=\"wp-block-spacer\"><\/div>\n\n\n\n<div class=\"wp-block-image\"><figure class=\"alignright size-large is-resized\"><a href=\"http:\/\/www.df7er.de\/wp-content\/uploads\/2022\/03\/T1230819-1-2.jpg\"><img loading=\"lazy\" decoding=\"async\" src=\"http:\/\/www.df7er.de\/wp-content\/uploads\/2022\/03\/T1230819-1-2-1024x776.jpg\" alt=\"\" class=\"wp-image-4017\" width=\"512\" height=\"388\" srcset=\"http:\/\/www.df7er.de\/wp-content\/uploads\/2022\/03\/T1230819-1-2-1024x776.jpg 1024w, http:\/\/www.df7er.de\/wp-content\/uploads\/2022\/03\/T1230819-1-2-300x227.jpg 300w, http:\/\/www.df7er.de\/wp-content\/uploads\/2022\/03\/T1230819-1-2-768x582.jpg 768w, http:\/\/www.df7er.de\/wp-content\/uploads\/2022\/03\/T1230819-1-2-1536x1164.jpg 1536w, http:\/\/www.df7er.de\/wp-content\/uploads\/2022\/03\/T1230819-1-2-2048x1552.jpg 2048w, http:\/\/www.df7er.de\/wp-content\/uploads\/2022\/03\/T1230819-1-2-16x12.jpg 16w, http:\/\/www.df7er.de\/wp-content\/uploads\/2022\/03\/T1230819-1-2-210x159.jpg 210w, http:\/\/www.df7er.de\/wp-content\/uploads\/2022\/03\/T1230819-1-2-1960x1486.jpg 1960w\" sizes=\"auto, (max-width: 512px) 100vw, 512px\" \/><\/a><\/figure><\/div>\n\n\n\n<p>Gestartet w\u00fcrde die Wettersonde vom DWD (Deutschen Wetterdienst) Bergen am 13.03.2022.<br>Landung war um ca. 20:40 Uhr.<br><br>WMO Nummer von Bergen \/ Celle ist 10238.<br><br>Die Wettersonde hat eine H\u00f6he von 35409m erreicht.<\/p>\n\n\n\n<p>Fallschirm und der Komplette Ballon mit Abroller lag auf dem Acker zusammen.<br>Die Sonde lag 10-30m weiter.<br><br>Nummer der Sonde : T1230819&nbsp;<\/p>\n\n\n\n<div style=\"height:10px\" aria-hidden=\"true\" class=\"wp-block-spacer\"><\/div>\n\n\n\n<hr class=\"wp-block-separator\"\/>\n\n\n\n<p><\/p>\n\n\n\n<p><strong><span class=\"has-inline-color has-luminous-vivid-orange-color\">Wettersonde Vaisala RS41-SGP<br>Fundort Schweimke ( n\u00e4he Bad Bodenteich )<\/span><\/strong><\/p>\n\n\n\n<div class=\"wp-block-image is-style-default\"><figure class=\"alignright size-large is-resized\"><a href=\"http:\/\/www.df7er.de\/wp-content\/uploads\/2020\/12\/RS41.Schweimke1.jpg\"><img loading=\"lazy\" decoding=\"async\" src=\"http:\/\/www.df7er.de\/wp-content\/uploads\/2020\/12\/RS41.Schweimke1.jpg\" alt=\"\" width=\"512\" height=\"249\"\/><\/a><\/figure><\/div>\n\n\n\n<p>Vaisala RS41-SGP Wettersonde nach der Landung in der N\u00e4he von Schweimke L286 (n\u00e4he Bad Bodenteich)<br>N52 79461 E10.59909 JO52HT auf einer Wiese.<br><br>Frequenz der Sonde 405.900 Mhz &nbsp;<br><br><br>Getrackt hat die Sonde <strong><a href=\"https:\/\/www.wettersonde.net\" data-type=\"URL\" data-id=\"https:\/\/www.wettersonde.net\" target=\"_blank\" rel=\"noreferrer noopener\">wettersonde.net<\/a><\/strong><\/p>\n\n\n\n<div style=\"height:1px\" aria-hidden=\"true\" class=\"wp-block-spacer\"><\/div>\n\n\n\n<div class=\"wp-block-image is-style-default\"><figure class=\"alignright size-large is-resized\"><a href=\"http:\/\/www.df7er.de\/wp-content\/uploads\/2020\/12\/RS41.30.05.2019.jpg\"><img loading=\"lazy\" decoding=\"async\" src=\"http:\/\/www.df7er.de\/wp-content\/uploads\/2020\/12\/RS41.30.05.2019.jpg\" alt=\"\" width=\"512\" height=\"239\"\/><\/a><\/figure><\/div>\n\n\n\n<p>Gestartet w\u00fcrde die Wettersonde vom DWD (Deutschen Wetterdienst) Bergen am 30.05.2019.<br>Landung war um ca. 15:00 Uhr.<br><br>WMO Nummer von Bergen \/ Celle ist 10238.<br><br>Die Wettersonde hat eine H\u00f6he von 32827m erreicht.<\/p>\n\n\n\n<div style=\"height:1px\" aria-hidden=\"true\" class=\"wp-block-spacer\"><\/div>\n\n\n\n<div class=\"wp-block-image is-style-default\"><figure class=\"alignright size-large is-resized\"><a href=\"http:\/\/www.df7er.de\/wp-content\/uploads\/2020\/12\/RS41.Schweimke.jpg\"><img loading=\"lazy\" decoding=\"async\" src=\"http:\/\/www.df7er.de\/wp-content\/uploads\/2020\/12\/RS41.Schweimke.jpg\" alt=\"\" width=\"512\" height=\"249\"\/><\/a><\/figure><\/div>\n\n\n\n<p>Fallschirm und der Komplette Ballon mit Abroller lag auf der Wiese zusammen.<br>Die Sonde lag 10-30m weiter im hohen Gras.<br><br>Nummer der Sonde : P0520668&nbsp;<\/p>\n\n\n\n<div style=\"height:1px\" aria-hidden=\"true\" class=\"wp-block-spacer\"><\/div>\n\n\n\n<hr class=\"wp-block-separator\"\/>\n\n\n\n<p><strong><span class=\"has-inline-color has-luminous-vivid-orange-color\">Wettersonde Vaisala RS92-SGPD<br>Fundort Eutzen ( Wittingen )<\/span><\/strong><\/p>\n\n\n\n<div class=\"wp-block-image is-style-default\"><figure class=\"alignright size-large is-resized\"><a href=\"http:\/\/www.df7er.de\/wp-content\/uploads\/2020\/12\/RS92SGPD-Bergen.jpg\"><img loading=\"lazy\" decoding=\"async\" src=\"http:\/\/www.df7er.de\/wp-content\/uploads\/2020\/12\/RS92SGPD-Bergen.jpg\" alt=\"\" width=\"512\" height=\"289\"\/><\/a><\/figure><\/div>\n\n\n\n<p>Vaisala RS92-SGPD Wettersonde nach der Landung in der N\u00e4he von Eutzen L286 (Stadt Wittingen)<br>52 42.41 10 42.92 JO52IQ auf einem Acker.<br><br>Frequenz der Sonde 405.700 Mhz &nbsp;<br><br><br>Getrackt hat die Sonde <strong><a href=\"https:\/\/www.wettersonde.net\" data-type=\"URL\" data-id=\"https:\/\/www.wettersonde.net\" target=\"_blank\" rel=\"noreferrer noopener\">wettersonde.net<\/a><\/strong><\/p>\n\n\n\n<div style=\"height:1px\" aria-hidden=\"true\" class=\"wp-block-spacer\"><\/div>\n\n\n\n<div class=\"wp-block-image is-style-default\"><figure class=\"alignright size-large is-resized\"><a href=\"http:\/\/www.df7er.de\/wp-content\/uploads\/2020\/12\/Bergen-25.04.2016.jpg\"><img loading=\"lazy\" decoding=\"async\" src=\"http:\/\/www.df7er.de\/wp-content\/uploads\/2020\/12\/Bergen-25.04.2016.jpg\" alt=\"\" width=\"512\" height=\"259\"\/><\/a><\/figure><\/div>\n\n\n\n<p>Gestartet w\u00fcrde die Wettersonde vom DWD (Deutschen Wetterdienst) Bergen am 25.04.2016.<br>Landung war um ca. 15:12 Uhr.<br><br>WMO Nummer von Bergen \/ Celle ist 10238.<br><br>Die Wettersonde hat eine H\u00f6he von 33800m erreicht.<\/p>\n\n\n\n<div style=\"height:1px\" aria-hidden=\"true\" class=\"wp-block-spacer\"><\/div>\n\n\n\n<div class=\"wp-block-image is-style-default\"><figure class=\"alignright size-large is-resized\"><a href=\"http:\/\/www.df7er.de\/wp-content\/uploads\/2020\/12\/RS92SGPD-Bergen1.jpg\"><img loading=\"lazy\" decoding=\"async\" src=\"http:\/\/www.df7er.de\/wp-content\/uploads\/2020\/12\/RS92SGPD-Bergen1.jpg\" alt=\"\" width=\"512\" height=\"289\"\/><\/a><\/figure><\/div>\n\n\n\n<p>Fallschirm und der Komplette Ballon mit Abroller lag auf dem Acker zusammen.<br>Wie man sieht konnte sich der Fallschirm sich nicht richtig \u00f6ffnen. Fallgeschwindigkeit war 11,2 m\/s<br><br>Nummer der Sonde : J3133583 &nbsp;<\/p>\n\n\n\n<div style=\"height:1px\" aria-hidden=\"true\" class=\"wp-block-spacer\"><\/div>\n\n\n\n<div class=\"wp-block-image is-style-default\"><figure class=\"alignright size-large is-resized\"><a href=\"http:\/\/www.df7er.de\/wp-content\/uploads\/2020\/12\/RS92SGPD-Bergen2.jpg\"><img loading=\"lazy\" decoding=\"async\" src=\"http:\/\/www.df7er.de\/wp-content\/uploads\/2020\/12\/RS92SGPD-Bergen2.jpg\" alt=\"\" width=\"512\" height=\"289\"\/><\/a><\/figure><\/div>\n\n\n\n<p>Die Wettersonde ist hart aufgekommen auf dem Boden. Das Batteriefach ist aufgesprungen.<br>Aber Gott sei Dank ist der Stecker nicht ganz ab gewesen nur zum Teil.<br>So hat sie noch bis zum Auffinden gesendet.<\/p>\n\n\n\n<div style=\"height:1px\" aria-hidden=\"true\" class=\"wp-block-spacer\"><\/div>\n\n\n\n<hr class=\"wp-block-separator\"\/>\n\n\n\n<p><strong><span class=\"has-inline-color has-luminous-vivid-orange-color\">Wettersonde Vaisala RS92-SGP<br>Fundort Oberholz ( Schweimke )<\/span><\/strong><\/p>\n\n\n\n<div class=\"wp-block-image is-style-default\"><figure class=\"alignright size-large is-resized\"><a href=\"http:\/\/www.df7er.de\/wp-content\/uploads\/2020\/12\/RS92SGP-Oberholz1.jpg\"><img loading=\"lazy\" decoding=\"async\" src=\"http:\/\/www.df7er.de\/wp-content\/uploads\/2020\/12\/RS92SGP-Oberholz1.jpg\" alt=\"\" width=\"512\" height=\"384\"\/><\/a><\/figure><\/div>\n\n\n\n<p>Vaisala RS92-SGP Wettersonde nach der Landung in der N\u00e4he von Oberholz (Schweimke)<br>52 45.68 10 36.73 JO52HS in einem Waldst\u00fcck. Ballonreste\/Fallschirm und Abroller hingen hoch \u00fcber 3 B\u00e4ume.<br><br>Frequenz der Sonde 405.700 Mhz &nbsp;<\/p>\n\n\n\n<div style=\"height:1px\" aria-hidden=\"true\" class=\"wp-block-spacer\"><\/div>\n\n\n\n<div class=\"wp-block-image is-style-default\"><figure class=\"alignright size-large is-resized\"><a href=\"http:\/\/www.df7er.de\/wp-content\/uploads\/2020\/12\/RS92SGP-Oberholz-rotated.jpg\"><img loading=\"lazy\" decoding=\"async\" src=\"http:\/\/www.df7er.de\/wp-content\/uploads\/2020\/12\/RS92SGP-Oberholz-rotated.jpg\" alt=\"\" width=\"512\" height=\"384\"\/><\/a><\/figure><\/div>\n\n\n\n<p>Gestartet w\u00fcrde die Wettersonde vom DWD (Deutschen Wetterdienst) Bergen am 13.05.2013.<br>Landung war um ca. 8:45 Uhr.<br><br>WMO Nummer von Bergen \/ Celle ist 10238.<\/p>\n\n\n\n<div style=\"height:1px\" aria-hidden=\"true\" class=\"wp-block-spacer\"><\/div>\n\n\n\n<div class=\"wp-block-image is-style-default\"><figure class=\"alignright size-large is-resized\"><a href=\"http:\/\/www.df7er.de\/wp-content\/uploads\/2020\/12\/RS92SGP-Oberholz2.jpg\"><img loading=\"lazy\" decoding=\"async\" src=\"http:\/\/www.df7er.de\/wp-content\/uploads\/2020\/12\/RS92SGP-Oberholz2.jpg\" alt=\"\" width=\"512\" height=\"384\"\/><\/a><\/figure><\/div>\n\n\n\n<p>Um 9:30 Uhr bin ich los. Angekommen m\u00fcsste ich mein Auto ein Kilometer vorher abstellen weil die Wege nicht gut waren.<br>Nach kurzem Spaziergang im Wald konnte ich die Wettersonde auf dem Boden ausmachen.<br><br>Kurzer Blick nach oben und ich konnte den Schirm und Ballonreste sehen.<br>Leider konnte ich nur die Sonde bergen mehr leider nicht.<\/p>\n\n\n\n<div style=\"height:1px\" aria-hidden=\"true\" class=\"wp-block-spacer\"><\/div>\n\n\n\n<hr class=\"wp-block-separator\"\/>\n\n\n\n<p><strong><span class=\"has-inline-color has-luminous-vivid-orange-color\">Wettersonde Vaisala RS92-SGP<br>Fundort Mehmke ( Diesdorf )<\/span><\/strong><\/p>\n\n\n\n<div class=\"wp-block-image is-style-default\"><figure class=\"alignright size-large is-resized\"><a href=\"http:\/\/www.df7er.de\/wp-content\/uploads\/2020\/12\/Diesdorf1.jpg\"><img loading=\"lazy\" decoding=\"async\" src=\"http:\/\/www.df7er.de\/wp-content\/uploads\/2020\/12\/Diesdorf1.jpg\" alt=\"\" width=\"512\" height=\"384\"\/><\/a><\/figure><\/div>\n\n\n\n<p>Vaisala RS92-SGP Wettersonde nach der Landung in der N\u00e4he von Mehmke (Diesdorf)<br>52 45.20 11 0.18 JO52LR in einem Wald. Ballonreste\/Fallschirm und Abroller hingen hoch \u00fcber 2 B\u00e4ume.<br><br>Frequenz der Sonde 405.700 Mhz<\/p>\n\n\n\n<div style=\"height:1px\" aria-hidden=\"true\" class=\"wp-block-spacer\"><\/div>\n\n\n\n<div class=\"wp-block-image is-style-default\"><figure class=\"alignright size-large is-resized\"><a href=\"http:\/\/www.df7er.de\/wp-content\/uploads\/2020\/12\/DWD-Bergen.jpg\"><img loading=\"lazy\" decoding=\"async\" src=\"http:\/\/www.df7er.de\/wp-content\/uploads\/2020\/12\/DWD-Bergen.jpg\" alt=\"\" width=\"512\" height=\"288\"\/><\/a><\/figure><\/div>\n\n\n\n<p>Gestartet w\u00fcrde die Wettersonde vom DWD (Deutschen Wetterdienst) Bergen am 10.03.2013 um 17:45 Uhr.<br>Landung war um ca. 23:48 Uhr. Erst am n\u00e4chsten Tag ging es zur kalten Nachsuche.<br><br>Nummer der Sonde : H1933587<br>WMO Nummer von Bergen \/ Celle ist 10238.<\/p>\n\n\n\n<div style=\"height:1px\" aria-hidden=\"true\" class=\"wp-block-spacer\"><\/div>\n\n\n\n<div class=\"wp-block-image is-style-default\"><figure class=\"alignright size-large is-resized\"><a href=\"http:\/\/www.df7er.de\/wp-content\/uploads\/2020\/12\/Diesdorf3.jpg\"><img loading=\"lazy\" decoding=\"async\" src=\"http:\/\/www.df7er.de\/wp-content\/uploads\/2020\/12\/Diesdorf3.jpg\" alt=\"\" width=\"512\" height=\"384\"\/><\/a><\/figure><\/div>\n\n\n\n<p>Die Wettersonde hing vom Baum gut ein Meter vom Boden entfernt.<br>F\u00fcr Daniel DL1OFC &amp; f\u00fcr mich war es kein Problem sie zubekommen.<br><br>Nach der Bergung ging es zu Fu\u00df 6 Kilometer zur\u00fcck zum Auto.<br>Leider konnten wir nicht mit dem Auto soweit im Wald reinfahren<br><br>War aber eine coole Aktion und haben noch was f\u00fcr die Gesundheit getan.<\/p>\n\n\n\n<div style=\"height:1px\" aria-hidden=\"true\" class=\"wp-block-spacer\"><\/div>\n\n\n\n<p><strong><span class=\"has-inline-color has-luminous-vivid-orange-color\">Wettersonde Graw DFM-06<br>Fundort Gro\u00df Liedern ( Uelzen )<\/span><\/strong><\/p>\n\n\n\n<div class=\"wp-block-image is-style-default\"><figure class=\"alignright size-large is-resized\"><a href=\"http:\/\/www.df7er.de\/wp-content\/uploads\/2020\/12\/DFM06-Uelzen-rotated.jpg\"><img loading=\"lazy\" decoding=\"async\" src=\"http:\/\/www.df7er.de\/wp-content\/uploads\/2020\/12\/DFM06-Uelzen-rotated.jpg\" alt=\"\" width=\"512\" height=\"384\"\/><\/a><\/figure><\/div>\n\n\n\n<p>Graw DFM-06 Wettersonde nach der Landung auf einem Feld bei Gro\u00df Liedern (Uelzen).<br>Im Hintergrund sieht man noch denn Elbe-Seiten-Kanal.<br>Landedaten sind : 52 57.33 10 34.77 JO52GW.<br><br>Nummer von der Sonde : DFM-06 902490<\/p>\n\n\n\n<div style=\"height:1px\" aria-hidden=\"true\" class=\"wp-block-spacer\"><\/div>\n\n\n\n<div class=\"wp-block-image is-style-default\"><figure class=\"alignright size-large is-resized\"><a href=\"http:\/\/www.df7er.de\/wp-content\/uploads\/2020\/12\/DFM06-Uelzen1-rotated.jpg\"><img loading=\"lazy\" decoding=\"async\" src=\"http:\/\/www.df7er.de\/wp-content\/uploads\/2020\/12\/DFM06-Uelzen1-rotated.jpg\" alt=\"\" width=\"268\" height=\"370\"\/><\/a><\/figure><\/div>\n\n\n\n<p>Gestartet w\u00fcrde die Wettersonde vom DWD (Deutschen Wetterdienst) Bergen am 05.03.2013.<br>Landung war um ca. 15:10 Uhr.<\/p>\n\n\n\n<div style=\"height:1px\" aria-hidden=\"true\" class=\"wp-block-spacer\"><\/div>\n\n\n\n<div class=\"wp-block-image is-style-default\"><figure class=\"alignright size-large is-resized\"><a href=\"http:\/\/www.df7er.de\/wp-content\/uploads\/2020\/12\/DFM06-Uelzen2.jpg\"><img loading=\"lazy\" decoding=\"async\" src=\"http:\/\/www.df7er.de\/wp-content\/uploads\/2020\/12\/DFM06-Uelzen2.jpg\" alt=\"\" width=\"512\" height=\"384\"\/><\/a><\/figure><\/div>\n\n\n\n<p>Es w\u00fcrden mehrere Wettersonden gestartet an diesem Tag und leider auch auf die gleiche Freq.<br>Ich wollte eigentlich ein Vaisala SGP verfolgen und hatte mich \u00fcber das Signal gewundert.<br>Ich habe dann das erste Mal eine Graw DFM-06 gelesen.<br><br>Leider konnte ich nur die letzen 20 min dekodieren.&nbsp;<\/p>\n\n\n\n<div style=\"height:1px\" aria-hidden=\"true\" class=\"wp-block-spacer\"><\/div>\n\n\n\n<div class=\"wp-block-image is-style-default\"><figure class=\"alignright size-large is-resized\"><a href=\"http:\/\/www.df7er.de\/wp-content\/uploads\/2020\/12\/DFM06-Uelzen3.jpg\"><img loading=\"lazy\" decoding=\"async\" src=\"http:\/\/www.df7er.de\/wp-content\/uploads\/2020\/12\/DFM06-Uelzen3.jpg\" alt=\"\" width=\"512\" height=\"384\"\/><\/a><\/figure><\/div>\n\n\n\n<p>Nachdem ich wusste wo sie gelandet war sind Daniel &amp; und ich gleich los.<br>Und wir waren als erstes da.<br><br>Wir konnten die Sonde, Fallschirm und Ballonreste Bergen.<br><br>Meine erste DFM-06 Wettersonde.<\/p>\n\n\n\n<div style=\"height:1px\" aria-hidden=\"true\" class=\"wp-block-spacer\"><\/div>\n\n\n\n<hr class=\"wp-block-separator\"\/>\n\n\n\n<p><strong><span class=\"has-inline-color has-luminous-vivid-orange-color\">Wettersonde Vaisala RS92-SGP<br>Fundort Oerrel ( Dedelsdorf )<\/span><\/strong><\/p>\n\n\n\n<div class=\"wp-block-image is-style-default\"><figure class=\"alignright size-large is-resized\"><a href=\"http:\/\/www.df7er.de\/wp-content\/uploads\/2020\/12\/oerrel1.jpg\"><img loading=\"lazy\" decoding=\"async\" src=\"http:\/\/www.df7er.de\/wp-content\/uploads\/2020\/12\/oerrel1.jpg\" alt=\"\" width=\"512\" height=\"384\"\/><\/a><\/figure><\/div>\n\n\n\n<p>Vaisala RS92-SGP Wettersonde nach der Landung in der N\u00e4he von Oerrel (Dedelsdorf)<br>52 40.02 10 32.70 JO52GQ auf einem Acker.<br>Zwischen mehreren Windr\u00e4der.<br><br>Zum Zeitpunkt m\u00fcsste man aufpassen dass keine Eisst\u00fccke vom Windrad runterkommen.<\/p>\n\n\n\n<div style=\"height:1px\" aria-hidden=\"true\" class=\"wp-block-spacer\"><\/div>\n\n\n\n<div class=\"wp-block-image is-style-default\"><figure class=\"alignright size-large is-resized\"><a href=\"http:\/\/www.df7er.de\/wp-content\/uploads\/2020\/12\/oerrel4.jpg\"><img loading=\"lazy\" decoding=\"async\" src=\"http:\/\/www.df7er.de\/wp-content\/uploads\/2020\/12\/oerrel4.jpg\" alt=\"\" width=\"512\" height=\"321\"\/><\/a><\/figure><\/div>\n\n\n\n<p>Gestartet w\u00fcrde die Wettersonde vom DWD (Deutschen Wetterdienst) Bergen am 11.02.2013.<br>Landung war um ca. 14:15 Uhr.<br><br>Hier sieht man noch mal denn Landeort (roter Punkt).<\/p>\n\n\n\n<div style=\"height:1px\" aria-hidden=\"true\" class=\"wp-block-spacer\"><\/div>\n\n\n\n<div class=\"wp-block-image is-style-default\"><figure class=\"alignright size-large is-resized\"><a href=\"http:\/\/www.df7er.de\/wp-content\/uploads\/2020\/12\/oerrel3.jpg\"><img loading=\"lazy\" decoding=\"async\" src=\"http:\/\/www.df7er.de\/wp-content\/uploads\/2020\/12\/oerrel3.jpg\" alt=\"\" width=\"512\" height=\"384\"\/><\/a><\/figure><\/div>\n\n\n\n<p>Sch\u00f6n im Schnee zuerkennen der rote Fallschirm und paar Rest vom Ballon.<br>Der Fallschirm lag 40m auf dem Acker.&nbsp;<br><br>Nummer der Sonde : H2053379<\/p>\n\n\n\n<div style=\"height:1px\" aria-hidden=\"true\" class=\"wp-block-spacer\"><\/div>\n\n\n\n<div class=\"wp-block-image is-style-default\"><figure class=\"alignright size-large is-resized\"><a href=\"http:\/\/www.df7er.de\/wp-content\/uploads\/2020\/12\/oerrel2.jpg\"><img loading=\"lazy\" decoding=\"async\" src=\"http:\/\/www.df7er.de\/wp-content\/uploads\/2020\/12\/oerrel2.jpg\" alt=\"\" width=\"512\" height=\"384\"\/><\/a><\/figure><\/div>\n\n\n\n<p>Denn Fallschirm konnte man schnell finden aber wo lag die Wettersonde?<br>Schnell denn Fallschirm genommen und einfach das Seil aufgerollt.<br><br>Und siehe da die Wettersonde lag genau am Waldrand.<br>Somit konnte ich alles Bergen.<\/p>\n\n\n\n<div style=\"height:1px\" aria-hidden=\"true\" class=\"wp-block-spacer\"><\/div>\n\n\n\n<hr class=\"wp-block-separator\"\/>\n\n\n\n<p><br><\/p>","protected":false},"excerpt":{"rendered":"<p>Wettersonde Vaisala RS41-SGPFundort Hankensb\u00fcttel Vaisala RS41-SGP Wettersonde nach der Landung im Norden von Hankensb\u00fcttelN52.7398 E10.6000 JO52HR auf einen Acker. Frequenz der Sonde 405.700 Mhz &nbsp; Getrackt hat die Sonde wettersonde.net Gestartet w\u00fcrde die Wettersonde vom DWD (Deutschen Wetterdienst) Bergen am 13.03.2022.Landung war um ca. 20:40 Uhr. WMO Nummer von Bergen \/ Celle ist 10238. Die [&hellip;]<\/p>","protected":false},"author":1,"featured_media":0,"parent":0,"menu_order":0,"comment_status":"closed","ping_status":"closed","template":"page-full-width.php","meta":{"ngg_post_thumbnail":0,"footnotes":""},"class_list":["post-2441","page","type-page","status-publish","hentry"],"yoast_head":"<!-- This site is optimized with the Yoast SEO plugin v26.9 - https:\/\/yoast.com\/product\/yoast-seo-wordpress\/ -->\n<title>Bergen \/ Celle WMO 10238 - DF7ER<\/title>\n<meta name=\"description\" content=\"Wettersonden Start aus Bergen \/ Celle WMO 10238 - Meine Fundorte wo ich die Wettersonden gefunden habe.\" \/>\n<meta name=\"robots\" content=\"index, follow, max-snippet:-1, max-image-preview:large, max-video-preview:-1\" \/>\n<link rel=\"canonical\" href=\"http:\/\/www.df7er.de\/en\/bergen-celle-wmo-10238\/\" \/>\n<meta property=\"og:locale\" content=\"en_US\" \/>\n<meta property=\"og:type\" content=\"article\" \/>\n<meta property=\"og:title\" content=\"Bergen \/ Celle WMO 10238 - DF7ER\" \/>\n<meta property=\"og:description\" content=\"Wettersonden Start aus Bergen \/ Celle WMO 10238 - Meine Fundorte wo ich die Wettersonden gefunden habe.\" \/>\n<meta property=\"og:url\" content=\"http:\/\/www.df7er.de\/en\/bergen-celle-wmo-10238\/\" \/>\n<meta property=\"og:site_name\" content=\"DF7ER\" \/>\n<meta property=\"article:modified_time\" content=\"2022-03-25T12:05:29+00:00\" \/>\n<meta property=\"og:image\" content=\"http:\/\/www.df7er.de\/wp-content\/uploads\/2022\/03\/T1230819-1024x478.jpg\" \/>\n<meta name=\"twitter:card\" content=\"summary_large_image\" \/>\n<meta name=\"twitter:label1\" content=\"Est. reading time\" \/>\n\t<meta name=\"twitter:data1\" content=\"10 minutes\" \/>\n<script type=\"application\/ld+json\" class=\"yoast-schema-graph\">{\"@context\":\"https:\/\/schema.org\",\"@graph\":[{\"@type\":\"WebPage\",\"@id\":\"http:\/\/www.df7er.de\/bergen-celle-wmo-10238\/\",\"url\":\"http:\/\/www.df7er.de\/bergen-celle-wmo-10238\/\",\"name\":\"Bergen \/ Celle WMO 10238 - DF7ER\",\"isPartOf\":{\"@id\":\"http:\/\/www.df7er.de\/#website\"},\"primaryImageOfPage\":{\"@id\":\"http:\/\/www.df7er.de\/bergen-celle-wmo-10238\/#primaryimage\"},\"image\":{\"@id\":\"http:\/\/www.df7er.de\/bergen-celle-wmo-10238\/#primaryimage\"},\"thumbnailUrl\":\"http:\/\/www.df7er.de\/wp-content\/uploads\/2022\/03\/T1230819-1024x478.jpg\",\"datePublished\":\"2020-12-13T10:11:58+00:00\",\"dateModified\":\"2022-03-25T12:05:29+00:00\",\"description\":\"Wettersonden Start aus Bergen \/ Celle WMO 10238 - Meine Fundorte wo ich die Wettersonden gefunden habe.\",\"breadcrumb\":{\"@id\":\"http:\/\/www.df7er.de\/bergen-celle-wmo-10238\/#breadcrumb\"},\"inLanguage\":\"en-US\",\"potentialAction\":[{\"@type\":\"ReadAction\",\"target\":[\"http:\/\/www.df7er.de\/bergen-celle-wmo-10238\/\"]}]},{\"@type\":\"ImageObject\",\"inLanguage\":\"en-US\",\"@id\":\"http:\/\/www.df7er.de\/bergen-celle-wmo-10238\/#primaryimage\",\"url\":\"http:\/\/www.df7er.de\/wp-content\/uploads\/2022\/03\/T1230819-1024x478.jpg\",\"contentUrl\":\"http:\/\/www.df7er.de\/wp-content\/uploads\/2022\/03\/T1230819-1024x478.jpg\"},{\"@type\":\"BreadcrumbList\",\"@id\":\"http:\/\/www.df7er.de\/bergen-celle-wmo-10238\/#breadcrumb\",\"itemListElement\":[{\"@type\":\"ListItem\",\"position\":1,\"name\":\"Startseite\",\"item\":\"http:\/\/www.df7er.de\/\"},{\"@type\":\"ListItem\",\"position\":2,\"name\":\"Bergen \/ Celle WMO 10238\"}]},{\"@type\":\"WebSite\",\"@id\":\"http:\/\/www.df7er.de\/#website\",\"url\":\"http:\/\/www.df7er.de\/\",\"name\":\"DF7ER German Amateur Radio Station\",\"description\":\"German Amateur Radion Station in JO52HR\",\"publisher\":{\"@id\":\"http:\/\/www.df7er.de\/#\/schema\/person\/653b63e414718c8c68bac56967a2e8ef\"},\"potentialAction\":[{\"@type\":\"SearchAction\",\"target\":{\"@type\":\"EntryPoint\",\"urlTemplate\":\"http:\/\/www.df7er.de\/?s={search_term_string}\"},\"query-input\":{\"@type\":\"PropertyValueSpecification\",\"valueRequired\":true,\"valueName\":\"search_term_string\"}}],\"inLanguage\":\"en-US\"},{\"@type\":[\"Person\",\"Organization\"],\"@id\":\"http:\/\/www.df7er.de\/#\/schema\/person\/653b63e414718c8c68bac56967a2e8ef\",\"name\":\"Sascha DF7ER\",\"image\":{\"@type\":\"ImageObject\",\"inLanguage\":\"en-US\",\"@id\":\"http:\/\/www.df7er.de\/#\/schema\/person\/image\/\",\"url\":\"http:\/\/www.df7er.de\/wp-content\/uploads\/2020\/12\/wolfswarte1.jpg\",\"contentUrl\":\"http:\/\/www.df7er.de\/wp-content\/uploads\/2020\/12\/wolfswarte1.jpg\",\"width\":480,\"height\":360,\"caption\":\"Sascha DF7ER\"},\"logo\":{\"@id\":\"http:\/\/www.df7er.de\/#\/schema\/person\/image\/\"},\"sameAs\":[\"http:\/\/www.df7er.de\"]}]}<\/script>\n<!-- \/ Yoast SEO plugin. -->","yoast_head_json":{"title":"Bergen \/ Celle WMO 10238 - DF7ER","description":"Wettersonden Start aus Bergen \/ Celle WMO 10238 - Meine Fundorte wo ich die Wettersonden gefunden habe.","robots":{"index":"index","follow":"follow","max-snippet":"max-snippet:-1","max-image-preview":"max-image-preview:large","max-video-preview":"max-video-preview:-1"},"canonical":"http:\/\/www.df7er.de\/en\/bergen-celle-wmo-10238\/","og_locale":"en_US","og_type":"article","og_title":"Bergen \/ Celle WMO 10238 - DF7ER","og_description":"Wettersonden Start aus Bergen \/ Celle WMO 10238 - Meine Fundorte wo ich die Wettersonden gefunden habe.","og_url":"http:\/\/www.df7er.de\/en\/bergen-celle-wmo-10238\/","og_site_name":"DF7ER","article_modified_time":"2022-03-25T12:05:29+00:00","og_image":[{"url":"http:\/\/www.df7er.de\/wp-content\/uploads\/2022\/03\/T1230819-1024x478.jpg","type":"","width":"","height":""}],"twitter_card":"summary_large_image","twitter_misc":{"Est. reading time":"10 minutes"},"schema":{"@context":"https:\/\/schema.org","@graph":[{"@type":"WebPage","@id":"http:\/\/www.df7er.de\/bergen-celle-wmo-10238\/","url":"http:\/\/www.df7er.de\/bergen-celle-wmo-10238\/","name":"Bergen \/ Celle WMO 10238 - DF7ER","isPartOf":{"@id":"http:\/\/www.df7er.de\/#website"},"primaryImageOfPage":{"@id":"http:\/\/www.df7er.de\/bergen-celle-wmo-10238\/#primaryimage"},"image":{"@id":"http:\/\/www.df7er.de\/bergen-celle-wmo-10238\/#primaryimage"},"thumbnailUrl":"http:\/\/www.df7er.de\/wp-content\/uploads\/2022\/03\/T1230819-1024x478.jpg","datePublished":"2020-12-13T10:11:58+00:00","dateModified":"2022-03-25T12:05:29+00:00","description":"Wettersonden Start aus Bergen \/ Celle WMO 10238 - Meine Fundorte wo ich die Wettersonden gefunden habe.","breadcrumb":{"@id":"http:\/\/www.df7er.de\/bergen-celle-wmo-10238\/#breadcrumb"},"inLanguage":"en-US","potentialAction":[{"@type":"ReadAction","target":["http:\/\/www.df7er.de\/bergen-celle-wmo-10238\/"]}]},{"@type":"ImageObject","inLanguage":"en-US","@id":"http:\/\/www.df7er.de\/bergen-celle-wmo-10238\/#primaryimage","url":"http:\/\/www.df7er.de\/wp-content\/uploads\/2022\/03\/T1230819-1024x478.jpg","contentUrl":"http:\/\/www.df7er.de\/wp-content\/uploads\/2022\/03\/T1230819-1024x478.jpg"},{"@type":"BreadcrumbList","@id":"http:\/\/www.df7er.de\/bergen-celle-wmo-10238\/#breadcrumb","itemListElement":[{"@type":"ListItem","position":1,"name":"Startseite","item":"http:\/\/www.df7er.de\/"},{"@type":"ListItem","position":2,"name":"Bergen \/ Celle WMO 10238"}]},{"@type":"WebSite","@id":"http:\/\/www.df7er.de\/#website","url":"http:\/\/www.df7er.de\/","name":"DF7ER German Amateur Radio Station","description":"German Amateur Radion Station in JO52HR","publisher":{"@id":"http:\/\/www.df7er.de\/#\/schema\/person\/653b63e414718c8c68bac56967a2e8ef"},"potentialAction":[{"@type":"SearchAction","target":{"@type":"EntryPoint","urlTemplate":"http:\/\/www.df7er.de\/?s={search_term_string}"},"query-input":{"@type":"PropertyValueSpecification","valueRequired":true,"valueName":"search_term_string"}}],"inLanguage":"en-US"},{"@type":["Person","Organization"],"@id":"http:\/\/www.df7er.de\/#\/schema\/person\/653b63e414718c8c68bac56967a2e8ef","name":"Sascha DF7ER","image":{"@type":"ImageObject","inLanguage":"en-US","@id":"http:\/\/www.df7er.de\/#\/schema\/person\/image\/","url":"http:\/\/www.df7er.de\/wp-content\/uploads\/2020\/12\/wolfswarte1.jpg","contentUrl":"http:\/\/www.df7er.de\/wp-content\/uploads\/2020\/12\/wolfswarte1.jpg","width":480,"height":360,"caption":"Sascha DF7ER"},"logo":{"@id":"http:\/\/www.df7er.de\/#\/schema\/person\/image\/"},"sameAs":["http:\/\/www.df7er.de"]}]}},"_links":{"self":[{"href":"http:\/\/www.df7er.de\/en\/wp-json\/wp\/v2\/pages\/2441","targetHints":{"allow":["GET"]}}],"collection":[{"href":"http:\/\/www.df7er.de\/en\/wp-json\/wp\/v2\/pages"}],"about":[{"href":"http:\/\/www.df7er.de\/en\/wp-json\/wp\/v2\/types\/page"}],"author":[{"embeddable":true,"href":"http:\/\/www.df7er.de\/en\/wp-json\/wp\/v2\/users\/1"}],"replies":[{"embeddable":true,"href":"http:\/\/www.df7er.de\/en\/wp-json\/wp\/v2\/comments?post=2441"}],"version-history":[{"count":10,"href":"http:\/\/www.df7er.de\/en\/wp-json\/wp\/v2\/pages\/2441\/revisions"}],"predecessor-version":[{"id":4159,"href":"http:\/\/www.df7er.de\/en\/wp-json\/wp\/v2\/pages\/2441\/revisions\/4159"}],"wp:attachment":[{"href":"http:\/\/www.df7er.de\/en\/wp-json\/wp\/v2\/media?parent=2441"}],"curies":[{"name":"wp","href":"https:\/\/api.w.org\/{rel}","templated":true}]}}